{"id":2775,"date":"2025-05-14T08:21:57","date_gmt":"2025-05-14T06:21:57","guid":{"rendered":"https:\/\/amtp.ad\/avisos-legals\/"},"modified":"2025-07-02T14:46:55","modified_gmt":"2025-07-02T12:46:55","slug":"avisos-legals","status":"publish","type":"page","link":"https:\/\/amtp.ad\/ca\/avisos-legals\/","title":{"rendered":"Avisos legals"},"content":{"rendered":"\t\t<div data-elementor-type=\"wp-page\" data-elementor-id=\"2775\" class=\"elementor elementor-2775 elementor-1661\" data-elementor-post-type=\"page\">\n\t\t\t\t<div class=\"elementor-element elementor-element-9a11067 e-flex e-con-boxed e-con e-parent\" data-id=\"9a11067\" data-element_type=\"container\" data-settings=\"{&quot;jet_parallax_layout_list&quot;:[]}\">\n\t\t\t\t\t<div class=\"e-con-inner\">\n\t\t\t\t<div class=\"elementor-element elementor-element-10ddffa elementor-widget elementor-widget-heading\" data-id=\"10ddffa\" data-element_type=\"widget\" data-widget_type=\"heading.default\">\n\t\t\t\t<div class=\"elementor-widget-container\">\n\t\t\t\t\t<h1 class=\"elementor-heading-title elementor-size-default\">Avisos legals<\/h1>\t\t\t\t<\/div>\n\t\t\t\t<\/div>\n\t\t\t\t<div class=\"elementor-element elementor-element-5d57cfa elementor-widget elementor-widget-text-editor\" data-id=\"5d57cfa\" data-element_type=\"widget\" data-widget_type=\"text-editor.default\">\n\t\t\t\t<div class=\"elementor-widget-container\">\n\t\t\t\t\t\t\t\t\t<h3 class=\"\" data-start=\"178\" data-end=\"197\">Editor del lloc web<\/h3><p class=\"\" data-start=\"199\" data-end=\"273\"><span class=\"relative -mx-px my-[-0.2rem] rounded px-px py-[0.2rem] transition-colors duration-100 ease-in-out\">El lloc web <strong data-start=\"8\" data-end=\"19\">amtp.ad<\/strong> est\u00e0 publicat per l&#8217;empresa <strong data-start=\"45\" data-end=\"57\">AMTP SLU<\/strong> , una societat unipersonal de responsabilitat limitada de dret andorr\u00e0, inscrita al Registre Mercantil Andorran.<\/span><\/p><p class=\"\" data-start=\"275\" data-end=\"410\"><strong data-start=\"275\" data-end=\"293\">Seu central:<\/strong><br data-start=\"293\" data-end=\"296\"> <span class=\"relative -mx-px my-[-0.2rem] rounded px-px py-[0.2rem] transition-colors duration-100 ease-in-out\">Principat d&#8217;Andorra<\/span><\/p><p class=\"\" data-start=\"412\" data-end=\"511\"><strong data-start=\"412\" data-end=\"432\">Adre\u00e7a electr\u00f2nica:<\/strong> <span class=\"relative -mx-px my-[-0.2rem] rounded px-px py-[0.2rem] transition-colors duration-100 ease-in-out\"><a href=\"mailto:info@amtp.ad\" data-start=\"0\" data-end=\"12\" data-is-last-node=\"\" data-is-only-node=\"\">info@amtp.ad<\/a><\/span><\/p><p class=\"\" data-start=\"513\" data-end=\"591\"><span class=\"relative -mx-px my-[-0.2rem] rounded px-px py-[0.2rem] transition-colors duration-100 ease-in-out\">El director de publicaci\u00f3 \u00e9s <strong data-start=\"35\" data-end=\"54\">Alain Marg\u00e9rard<\/strong> , en la seva qualitat de representant legal de l&#8217;empresa.<\/span><\/p><h3 class=\"\" data-start=\"593\" data-end=\"630\">Disseny i creaci\u00f3 del lloc web<\/h3><p class=\"\" data-start=\"632\" data-end=\"710\"><span class=\"relative -mx-px my-[-0.2rem] rounded px-px py-[0.2rem] transition-colors duration-100 ease-in-out\">El lloc web ha estat dissenyat i realitzat per <strong data-start=\"35\" data-end=\"58\"><a href=\"https:\/\/blue-strat.com\">Dieup&#8217;Art Publicit\u00e9<\/a><\/strong>, ag\u00e8ncia de comunicaci\u00f3 visual amb seu a Sallanches, Fran\u00e7a.<\/span><\/p><p class=\"\" data-start=\"712\" data-end=\"890\"><strong data-start=\"712\" data-end=\"725\">Adre\u00e7a:<\/strong><br data-start=\"725\" data-end=\"728\"> <span class=\"relative -mx-px my-[-0.2rem] rounded px-px py-[0.2rem] transition-colors duration-100 ease-in-out\">1584 Avenue Andr\u00e9 Lasquin<\/span><br data-start=\"767\" data-end=\"770\"> <span class=\"relative -mx-px my-[-0.2rem] rounded px-px py-[0.2rem] transition-colors duration-100 ease-in-out\">74700 Sallanches<\/span><br data-start=\"809\" data-end=\"812\"> <span class=\"relative -mx-px my-[-0.2rem] rounded px-px py-[0.2rem] transition-colors duration-100 ease-in-out\">Fran\u00e7a<\/span><\/p><p class=\"\" data-start=\"892\" data-end=\"1043\"><strong data-start=\"892\" data-end=\"907\">Tel\u00e8fon:<\/strong> <span class=\"relative -mx-px my-[-0.2rem] rounded px-px py-[0.2rem] transition-colors duration-100 ease-in-out\">+33 4 50 58 24 40<\/span><br data-start=\"947\" data-end=\"950\"> <strong data-start=\"950\" data-end=\"964\">Lloc web:<\/strong> <span class=\"relative -mx-px my-[-0.2rem] rounded px-px py-[0.2rem] transition-colors duration-100 ease-in-out\"><a href=\"https:\/\/dieupart.fr\" target=\"_new\" rel=\"noopener noreferrer\" data-start=\"0\" data-end=\"42\" data-is-last-node=\"\" data-is-only-node=\"\">https:\/\/dieupart.fr<\/a><\/span><\/p><h3 class=\"\" data-start=\"1045\" data-end=\"1060\">Allotjament web<\/h3><p class=\"\" data-start=\"1062\" data-end=\"1140\"><span class=\"relative -mx-px my-[-0.2rem] rounded px-px py-[0.2rem] transition-colors duration-100 ease-in-out\">El lloc web est\u00e0 allotjat per <strong data-start=\"24\" data-end=\"36\">O2SWITCH<\/strong> , una societat de responsabilitat limitada amb un capital de 100.000 \u20ac, registrada al Registre de Comer\u00e7 i Societats de Clermont-Ferrand amb el n\u00famero 510 909 807.<\/span><\/p><p class=\"\" data-start=\"1142\" data-end=\"1320\"><strong data-start=\"1142\" data-end=\"1155\">Adre\u00e7a:<\/strong><br data-start=\"1155\" data-end=\"1158\"> <span class=\"relative -mx-px my-[-0.2rem] rounded px-px py-[0.2rem] transition-colors duration-100 ease-in-out\">222-224 Boulevard Gustave Flaubert<\/span><br data-start=\"1197\" data-end=\"1200\"> <span class=\"relative -mx-px my-[-0.2rem] rounded px-px py-[0.2rem] transition-colors duration-100 ease-in-out\">63000 Clermont-Ferrand<\/span><br data-start=\"1239\" data-end=\"1242\"> <span class=\"relative -mx-px my-[-0.2rem] rounded px-px py-[0.2rem] transition-colors duration-100 ease-in-out\">Fran\u00e7a<\/span><\/p><p class=\"\" data-start=\"1322\" data-end=\"1473\"><strong data-start=\"1322\" data-end=\"1337\">Tel\u00e8fon:<\/strong> <span class=\"relative -mx-px my-[-0.2rem] rounded px-px py-[0.2rem] transition-colors duration-100 ease-in-out\">+33 4 44 44 60 40<\/span><br data-start=\"1377\" data-end=\"1380\"> <strong data-start=\"1380\" data-end=\"1394\">Lloc web:<\/strong> <span class=\"relative -mx-px my-[-0.2rem] rounded px-px py-[0.2rem] transition-colors duration-100 ease-in-out\"><a href=\"https:\/\/www.o2switch.fr\" target=\"_new\" rel=\"noopener noreferrer\" data-start=\"0\" data-end=\"50\" data-is-last-node=\"\" data-is-only-node=\"\">https:\/\/www.o2switch.fr<\/a><\/span><\/p><p class=\"\" data-start=\"1322\" data-end=\"1473\"> <\/p><h3 class=\"\" data-start=\"1475\" data-end=\"1503\">propietat intel\u00b7lectual<\/h3><p class=\"\" data-start=\"1505\" data-end=\"1583\"><span class=\"relative -mx-px my-[-0.2rem] rounded px-px py-[0.2rem] transition-colors duration-100 ease-in-out\">Tot el contingut del lloc web <strong data-start=\"45\" data-end=\"56\">amtp.ad<\/strong> (textos, imatges, v\u00eddeos, logotips, etc.) \u00e9s propietat exclusiva d&#8217; <strong data-start=\"125\" data-end=\"137\">AMTP SLU<\/strong> , llevat que s&#8217;indiqui el contrari. Qualsevol reproducci\u00f3, distribuci\u00f3, modificaci\u00f3 o \u00fas d&#8217;aquest contingut sense perm\u00eds previ per escrit est\u00e0 estrictament prohibida. <\/span><\/p><h3 class=\"\" data-start=\"1585\" data-end=\"1609\">Dades personals<\/h3><p class=\"\" data-start=\"1611\" data-end=\"1689\"><span class=\"relative -mx-px my-[-0.2rem] rounded px-px py-[0.2rem] transition-colors duration-100 ease-in-out\">D&#8217;acord amb el Reglament general de protecci\u00f3 de dades (RGPD) i la Llei de protecci\u00f3 de dades, les dades personals recollides al lloc web <strong data-start=\"157\" data-end=\"168\">amtp.ad<\/strong> es tracten respectant la privadesa dels usuaris.<\/span><\/p><p class=\"\" data-start=\"1691\" data-end=\"1801\"><strong data-start=\"1691\" data-end=\"1722\">Responsable del tractament de dades:<\/strong> <span class=\"relative -mx-px my-[-0.2rem] rounded px-px py-[0.2rem] transition-colors duration-100 ease-in-out\">Alain Marg\u00e9rard<\/span><\/p><p class=\"\" data-start=\"1803\" data-end=\"1911\"><strong data-start=\"1913\" data-end=\"1942\">Drets d&#8217;usuari:<\/strong> <span class=\"relative -mx-px my-[-0.2rem] rounded px-px py-[0.2rem] transition-colors duration-100 ease-in-out\">D&#8217;acord amb la normativa vigent, teniu dret a accedir, rectificar, suprimir i oposar-vos al tractament de les vostres dades personals. Per exercir aquests drets, poseu-vos en contacte amb: <\/span><\/p><p class=\"\" data-start=\"2023\" data-end=\"2143\"><span class=\"relative -mx-px my-[-0.2rem] rounded px-px py-[0.2rem] transition-colors duration-100 ease-in-out\"><strong data-start=\"0\" data-end=\"20\" data-is-only-node=\"\">Adre\u00e7a electr\u00f2nica:<\/strong> <a href=\"mailto:info@amtp.ad\" data-start=\"21\" data-end=\"33\" data-is-last-node=\"\">info@amtp.ad<\/a><\/span><\/p><p class=\"\" data-start=\"2023\" data-end=\"2143\"><span style=\"font-family: 'Bai Jamjuree', sans-serif; font-size: 48px; font-weight: bold; letter-spacing: -0.72px;\"> <\/span><\/p><p class=\"\" data-start=\"2023\" data-end=\"2143\"><span style=\"font-family: 'Bai Jamjuree', sans-serif; font-size: 48px; font-weight: bold; letter-spacing: -0.72px;\">Galetes<\/span><\/p><p class=\"\" data-start=\"2158\" data-end=\"2236\"><span class=\"relative -mx-px my-[-0.2rem] rounded px-px py-[0.2rem] transition-colors duration-100 ease-in-out\">El lloc web <strong data-start=\"8\" data-end=\"19\">amtp.ad<\/strong> utilitza cookies per millorar l&#8217;experi\u00e8ncia de l&#8217;usuari i recopilar estad\u00edstiques de visitants. Si continues navegant per aquest lloc, acceptes l&#8217;\u00fas de cookies. <\/span><\/p><p class=\"\" data-start=\"2238\" data-end=\"2316\"><span class=\"relative -mx-px my-[-0.2rem] rounded px-px py-[0.2rem] transition-colors duration-100 ease-in-out\">Podeu configurar el vostre navegador per rebutjar la instal\u00b7laci\u00f3 de cookies o per ser informat de la seva pres\u00e8ncia.<\/span><\/p><h3 class=\"\" data-start=\"2318\" data-end=\"2336\">Responsabilitat<\/h3><p class=\"\" data-start=\"2338\" data-end=\"2416\"><span class=\"relative -mx-px my-[-0.2rem] rounded px-px py-[0.2rem] transition-colors duration-100 ease-in-out\"><strong data-start=\"0\" data-end=\"12\" data-is-only-node=\"\">AMTP SLU<\/strong> s&#8217;esfor\u00e7a per proporcionar informaci\u00f3 precisa i actualitzada al lloc web <strong data-start=\"82\" data-end=\"93\">amtp.ad.<\/strong> Tanmateix, l&#8217;empresa no pot garantir l&#8217;exactitud, la integritat o l&#8217;actualitat de la informaci\u00f3 proporcionada. En conseq\u00fc\u00e8ncia, l&#8217;usuari reconeix que utilitza aquesta informaci\u00f3 sota la seva exclusiva responsabilitat.  <\/span><\/p>\t\t\t\t\t\t\t\t<\/div>\n\t\t\t\t<\/div>\n\t\t\t\t\t<\/div>\n\t\t\t\t<\/div>\n\t\t\t\t<\/div>\n\t\t","protected":false},"excerpt":{"rendered":"<p>Avisos legals Editor del lloc web El lloc web amtp.ad est\u00e0 publicat per l&#8217;empresa AMTP SLU , una societat unipersonal de responsabilitat limitada de dret andorr\u00e0, inscrita al Registre Mercantil Andorran. Seu central: Principat d&#8217;Andorra Adre\u00e7a electr\u00f2nica: info@amtp.ad El director de publicaci\u00f3 \u00e9s Alain Marg\u00e9rard , en la seva qualitat de representant legal de l&#8217;empresa. [&hellip;]<\/p>\n","protected":false},"author":4,"featured_media":0,"parent":0,"menu_order":0,"comment_status":"closed","ping_status":"closed","template":"","meta":{"_seopress_robots_primary_cat":"","_seopress_titles_title":"","_seopress_titles_desc":"","_seopress_robots_index":"","footnotes":""},"class_list":["post-2775","page","type-page","status-publish","hentry"],"_links":{"self":[{"href":"https:\/\/amtp.ad\/ca\/wp-json\/wp\/v2\/pages\/2775","targetHints":{"allow":["GET"]}}],"collection":[{"href":"https:\/\/amtp.ad\/ca\/wp-json\/wp\/v2\/pages"}],"about":[{"href":"https:\/\/amtp.ad\/ca\/wp-json\/wp\/v2\/types\/page"}],"author":[{"embeddable":true,"href":"https:\/\/amtp.ad\/ca\/wp-json\/wp\/v2\/users\/4"}],"replies":[{"embeddable":true,"href":"https:\/\/amtp.ad\/ca\/wp-json\/wp\/v2\/comments?post=2775"}],"version-history":[{"count":2,"href":"https:\/\/amtp.ad\/ca\/wp-json\/wp\/v2\/pages\/2775\/revisions"}],"predecessor-version":[{"id":4896,"href":"https:\/\/amtp.ad\/ca\/wp-json\/wp\/v2\/pages\/2775\/revisions\/4896"}],"wp:attachment":[{"href":"https:\/\/amtp.ad\/ca\/wp-json\/wp\/v2\/media?parent=2775"}],"curies":[{"name":"wp","href":"https:\/\/api.w.org\/{rel}","templated":true}]}}